{"id":1462,"date":"2020-11-17T09:07:08","date_gmt":"2020-11-17T09:07:08","guid":{"rendered":"http:\/\/grundschule-neisseweg.de\/?page_id=1462"},"modified":"2025-07-03T09:43:04","modified_gmt":"2025-07-03T09:43:04","slug":"digitalisierung","status":"publish","type":"page","link":"https:\/\/grundschule-neisseweg.de\/?page_id=1462","title":{"rendered":"Digitalisierung"},"content":{"rendered":"\n<figure class=\"wp-block-gallery has-nested-images columns-default is-cropped wp-block-gallery-1 is-layout-flex wp-block-gallery-is-layout-flex\">\n<figure class=\"wp-block-image size-large\"><img loading=\"lazy\" decoding=\"async\" width=\"320\" height=\"240\" data-id=\"2443\" src=\"http:\/\/grundschule-neisseweg.de\/wp-content\/uploads\/2022\/10\/image0.jpeg\" alt=\"\" class=\"wp-image-2443\" srcset=\"https:\/\/grundschule-neisseweg.de\/wp-content\/uploads\/2022\/10\/image0.jpeg 320w, https:\/\/grundschule-neisseweg.de\/wp-content\/uploads\/2022\/10\/image0-300x225.jpeg 300w\" sizes=\"auto, (max-width: 320px) 100vw, 320px\" \/><\/figure>\n\n\n\n<figure class=\"wp-block-image size-large\"><img loading=\"lazy\" decoding=\"async\" width=\"240\" height=\"320\" data-id=\"2442\" src=\"http:\/\/grundschule-neisseweg.de\/wp-content\/uploads\/2022\/10\/image1.jpeg\" alt=\"\" class=\"wp-image-2442\" srcset=\"https:\/\/grundschule-neisseweg.de\/wp-content\/uploads\/2022\/10\/image1.jpeg 240w, https:\/\/grundschule-neisseweg.de\/wp-content\/uploads\/2022\/10\/image1-225x300.jpeg 225w\" sizes=\"auto, (max-width: 240px) 100vw, 240px\" \/><\/figure>\n\n\n\n<figure class=\"wp-block-image size-large\"><img loading=\"lazy\" decoding=\"async\" width=\"320\" height=\"240\" data-id=\"2441\" src=\"http:\/\/grundschule-neisseweg.de\/wp-content\/uploads\/2022\/10\/image2.jpeg\" alt=\"\" class=\"wp-image-2441\" srcset=\"https:\/\/grundschule-neisseweg.de\/wp-content\/uploads\/2022\/10\/image2.jpeg 320w, https:\/\/grundschule-neisseweg.de\/wp-content\/uploads\/2022\/10\/image2-300x225.jpeg 300w\" sizes=\"auto, (max-width: 320px) 100vw, 320px\" \/><\/figure>\n<\/figure>\n\n\n\n<p><strong>Medienkonzept der Grundschule Nei\u00dfeweg<\/strong><\/p>\n<p>Die Grundschule Nei\u00dfeweg hat das Ziel, ihre Sch\u00fclerinnen und Sch\u00fcler in einer positiven Lern- und Lebensatmosph\u00e4re erforderliche Schl\u00fcsselqualifikationen f\u00fcr eine erfolgreiche schulische Orientierung, eine gesellschaftliche Partizipation sowie ein selbstbestimmtes Leben zu vermitteln. Wir legen besonderen Wert darauf, die Gesamtpers\u00f6nlichkeit der Kinder zu entwickeln und dabei Heterogenit\u00e4t und individuelle Lernvoraussetzungen zu ber\u00fccksichtigen. Die Digitalisierung und der damit einhergehende dynamische Wandel der Lebenswelt, der Gesellschaft, des Berufs- sowie des Privatlebens durch Innovationen und Weiterentwicklungen bringt immer neue Chancen und Herausforderungen mit sich.<br \/>Unsere Schule m\u00f6chte durch ein zeitgem\u00e4\u00dfes Bildungsangebot dazu beitragen, den Kindern zu erm\u00f6glichen, die in einer digitalen Gesellschaft erforderlichen Kompetenzen zu erwerben. Dabei beachtet die Schule die Bed\u00fcrfnisse von Sch\u00fclerinnen und Sch\u00fclern bei den Schul\u00fcberg\u00e4ngen und bildet im Sinne der Chancengleichheit Netzwerke mit anderen Schulen in der Region. Unsere Schule bem\u00fcht sich um die Schaffung schul\u00fcbergreifender Standards im Bereich des Arbeitens mit digitalen Medien.<\/p>\n<p>Das gesamte Medienkonzept finden Sie hier:<\/p>\n<p><a href=\"http:\/\/grundschule-neisseweg.de\/wp-content\/uploads\/2025\/06\/Medienkonzept_Gs_Nei\u0192eweg_2025.pdf\">unser Medienkonzept<\/a><\/p>\n<p>\u00a0<\/p>\n<p>\u00a0<\/p>\n<p>\u00a0<\/p>\n<p>.<\/p>\n<p>\u00a0<\/p>\n\n\n","protected":false},"excerpt":{"rendered":"<p>Medienkonzept der Grundschule Nei\u00dfeweg Die Grundschule Nei\u00dfeweg hat das Ziel, ihre Sch\u00fclerinnen und Sch\u00fcler in einer positiven Lern- und Lebensatmosph\u00e4re erforderliche Schl\u00fcsselqualifikationen f\u00fcr eine erfolgreiche schulische Orientierung, eine gesellschaftliche Partizipation sowie ein selbstbestimmtes Leben zu vermitteln. Wir legen besonderen Wert darauf, die Gesamtpers\u00f6nlichkeit der Kinder zu entwickeln und dabei Heterogenit\u00e4t und individuelle Lernvoraussetzungen zu ber\u00fccksichtigen. Die Digitalisierung und der damit<\/p>\n","protected":false},"author":3,"featured_media":0,"parent":0,"menu_order":0,"comment_status":"closed","ping_status":"closed","template":"","meta":{"footnotes":""},"class_list":["post-1462","page","type-page","status-publish","hentry"],"_links":{"self":[{"href":"https:\/\/grundschule-neisseweg.de\/index.php?rest_route=\/wp\/v2\/pages\/1462","targetHints":{"allow":["GET"]}}],"collection":[{"href":"https:\/\/grundschule-neisseweg.de\/index.php?rest_route=\/wp\/v2\/pages"}],"about":[{"href":"https:\/\/grundschule-neisseweg.de\/index.php?rest_route=\/wp\/v2\/types\/page"}],"author":[{"embeddable":true,"href":"https:\/\/grundschule-neisseweg.de\/index.php?rest_route=\/wp\/v2\/users\/3"}],"replies":[{"embeddable":true,"href":"https:\/\/grundschule-neisseweg.de\/index.php?rest_route=%2Fwp%2Fv2%2Fcomments&post=1462"}],"version-history":[{"count":11,"href":"https:\/\/grundschule-neisseweg.de\/index.php?rest_route=\/wp\/v2\/pages\/1462\/revisions"}],"predecessor-version":[{"id":4581,"href":"https:\/\/grundschule-neisseweg.de\/index.php?rest_route=\/wp\/v2\/pages\/1462\/revisions\/4581"}],"wp:attachment":[{"href":"https:\/\/grundschule-neisseweg.de\/index.php?rest_route=%2Fwp%2Fv2%2Fmedia&parent=1462"}],"curies":[{"name":"wp","href":"https:\/\/api.w.org\/{rel}","templated":true}]}}