{"id":36,"date":"2019-09-12T17:31:08","date_gmt":"2019-09-12T17:31:08","guid":{"rendered":"http:\/\/127.0.0.1\/nw\/?page_id=36"},"modified":"2025-07-03T14:05:56","modified_gmt":"2025-07-03T14:05:56","slug":"klasse-1a","status":"publish","type":"page","link":"https:\/\/grundschule-neisseweg.de\/?page_id=36","title":{"rendered":"Bildungsh\u00e4user"},"content":{"rendered":"\n<p>Ab dem Schuljahr 2020\/2021 mit der Einschulung der 1. Klassen am Standort Freiherr vom Stein Realschule errichten wir in unserer Schulstruktur r\u00e4umlich und zeitlich Bildungsh\u00e4user. Diese sind jahrgangsbezogen und haben feste zusammenh\u00e4ngende R\u00e4ume, die in Teilen in der Farbe des Bildungshauses gestaltet werden. Die Kinder eines Jahrgangs ziehen dann zum n\u00e4chsten Schuljahr in das n\u00e4chst h\u00f6here Bildungshaus.&nbsp;&nbsp;<\/p>\n<p>Ab dem Schuljahr 2022\/2023 sind die Bildungsh\u00e4user blau (Jahrgang 1) und rot (Jahrgang 2) am Standort Nei\u00dfeweg und die Bildungsh\u00e4user gelb (Jahrgang 3) und gr\u00fcn (Jahrgang 4) am Standort Austernbrede untergebracht.&nbsp;<\/p>\n<p><img loading=\"lazy\" decoding=\"async\" class=\"wp-image-1314 alignright\" src=\"http:\/\/grundschule-neisseweg.de\/wp-content\/uploads\/2020\/09\/Logo-Bildungsh\u00e4user-289x300.png\" alt=\"\" width=\"104\" height=\"108\" srcset=\"https:\/\/grundschule-neisseweg.de\/wp-content\/uploads\/2020\/09\/Logo-Bildungsh\u00e4user-289x300.png 289w, https:\/\/grundschule-neisseweg.de\/wp-content\/uploads\/2020\/09\/Logo-Bildungsh\u00e4user.png 480w\" sizes=\"auto, (max-width: 104px) 100vw, 104px\" \/><\/p>\n<p><span style=\"color: #ff6600;\">Warum Bildungsh\u00e4user?<\/span><\/p>\n<p><strong>Leitbild: Alle Kinder haben ein Recht darauf, dass wir f\u00fcr sie da sind!<\/strong><\/p>\n<ul>\n<li>Beheimatung der Kinder in einer gr\u00f6\u00dfer werdenden Schule &#8211; Eine kleine Schule in der Gro\u00dfen!<\/li>\n<\/ul>\n<p>Ankommen im Klassenverband (20-29 Kinder), \u00f6ffnen zum Bildungshaus (60-78 Kinder), \u00f6ffnen zur Schulgemeinde (250-300 Kinder)<\/p>\n<ul>\n<li>Rhythmisierung des Schultages an die Bed\u00fcrfnisse des Kindes angepasst<\/li>\n<li>Feste Beziehungen durch verl\u00e4ssliche Personen im Bildungshaus<\/li>\n<li>Vielf\u00e4ltige Angebote im und au\u00dferhalb des Bildungshauses<\/li>\n<li>Lernen und Leisten positiv erleben, vielf\u00e4ltige M\u00f6glichkeiten das Selbstbewusstsein zu st\u00e4rken<\/li>\n<li>Demokratie leben: im Klassenverband, im Bildungshaus, in der Schule<\/li>\n<li>Multiprofessionelle Teams in jedem Bildungshaus<\/li>\n<\/ul>\n<p>&nbsp;<\/p>\n<p>Weitere Informationen erhalten Sie in unserem Flyer: <a href=\"http:\/\/grundschule-neisseweg.de\/wp-content\/uploads\/2024\/10\/Flyer-24_10_02.pdf\">Schulanmeldung 2024<\/a><\/p>\n<p>&nbsp;<\/p>\n\n\n\n<p><\/p>\n\n\n\n<h3 style=\"text-align: center;\">\u00a0<\/h3>\n<p>\u00a0<\/p>\n<div>\u00a0<\/div>\n<p>\u00a0<\/p>\n","protected":false},"excerpt":{"rendered":"<p>Ab dem Schuljahr 2020\/2021 mit der Einschulung der 1. Klassen am Standort Freiherr vom Stein Realschule errichten wir in unserer Schulstruktur r\u00e4umlich und zeitlich Bildungsh\u00e4user. Diese sind jahrgangsbezogen und haben feste zusammenh\u00e4ngende R\u00e4ume, die in Teilen in der Farbe des Bildungshauses gestaltet werden. Die Kinder eines Jahrgangs ziehen dann zum n\u00e4chsten Schuljahr in das n\u00e4chst h\u00f6here Bildungshaus.&nbsp;&nbsp; Ab dem Schuljahr<\/p>\n","protected":false},"author":1,"featured_media":0,"parent":0,"menu_order":0,"comment_status":"closed","ping_status":"closed","template":"","meta":{"footnotes":""},"class_list":["post-36","page","type-page","status-publish","hentry"],"_links":{"self":[{"href":"https:\/\/grundschule-neisseweg.de\/index.php?rest_route=\/wp\/v2\/pages\/36","targetHints":{"allow":["GET"]}}],"collection":[{"href":"https:\/\/grundschule-neisseweg.de\/index.php?rest_route=\/wp\/v2\/pages"}],"about":[{"href":"https:\/\/grundschule-neisseweg.de\/index.php?rest_route=\/wp\/v2\/types\/page"}],"author":[{"embeddable":true,"href":"https:\/\/grundschule-neisseweg.de\/index.php?rest_route=\/wp\/v2\/users\/1"}],"replies":[{"embeddable":true,"href":"https:\/\/grundschule-neisseweg.de\/index.php?rest_route=%2Fwp%2Fv2%2Fcomments&post=36"}],"version-history":[{"count":23,"href":"https:\/\/grundschule-neisseweg.de\/index.php?rest_route=\/wp\/v2\/pages\/36\/revisions"}],"predecessor-version":[{"id":4588,"href":"https:\/\/grundschule-neisseweg.de\/index.php?rest_route=\/wp\/v2\/pages\/36\/revisions\/4588"}],"wp:attachment":[{"href":"https:\/\/grundschule-neisseweg.de\/index.php?rest_route=%2Fwp%2Fv2%2Fmedia&parent=36"}],"curies":[{"name":"wp","href":"https:\/\/api.w.org\/{rel}","templated":true}]}}